{"id":1469,"date":"2018-07-02T19:59:54","date_gmt":"2018-07-02T22:59:54","guid":{"rendered":"https:\/\/ipat-bue.infd.edu.ar\/sitio\/estructura-curricular\/"},"modified":"2023-03-07T12:40:26","modified_gmt":"2023-03-07T15:40:26","slug":"estructura-curricular","status":"publish","type":"page","link":"https:\/\/ipat-bue.infd.edu.ar\/sitio\/estructura-curricular\/","title":{"rendered":"Estructura Curricular"},"content":{"rendered":"<p><strong><u>ESTRUCTURA CURRICULAR<\/u><\/strong><\/p>\n<p><strong><u>INGRESO: DIRECTO<\/u><\/strong> (\u00danico requisito de ingreso contar con nivel secundario completo)<\/p>\n<p><strong><u>TECNICATURA EN\u00a0 FOTOGRAFIA &#8211; RESOL N\u00b013.253\/99<\/u><\/strong><\/p>\n<p>PRIMER\u00a0 A\u00d1O<\/p>\n<table>\n<tbody>\n<tr>\n<td><strong>ESPACIO CURRICULAR<\/strong><\/td>\n<td><strong>ACREDITACION<\/strong><\/td>\n<td><strong>OBSERVACIONES<\/strong><\/td>\n<\/tr>\n<tr>\n<td><strong>FOTOGRAFIA I<\/strong><\/td>\n<td><strong>EXAMEN FINAL<\/strong><\/td>\n<td>5m\u00f3d<\/td>\n<\/tr>\n<tr>\n<td><strong>TECNOLOGIA I<\/strong><\/td>\n<td><strong>EXAMEN FINAL<\/strong><\/td>\n<td>2m\u00f3d<\/td>\n<\/tr>\n<tr>\n<td><strong>FOTOGRAFIA DIGITAL I<\/strong><\/td>\n<td><strong>PROMOCION DIRECTA<\/strong><\/td>\n<td>2m\u00f3d<\/td>\n<\/tr>\n<tr>\n<td><strong>LABORATORIO MONOCROMO<\/strong><\/td>\n<td><strong>PROMOCION DIRECTA<\/strong><\/td>\n<td>3m\u00f3d<\/td>\n<\/tr>\n<tr>\n<td><strong>PERCEPCION VISUAL<\/strong><\/td>\n<td><strong>EXAMEN FINAL<\/strong><\/td>\n<td>2m\u00f3d<\/td>\n<\/tr>\n<tr>\n<td><strong>HISTORIA DE LA FOTOGRAFIA I<\/strong><\/td>\n<td><strong>PROMOCION DIRECTA-LIBRE<\/strong><\/td>\n<td>2m\u00f3d<\/td>\n<\/tr>\n<tr>\n<td><strong>MEDIOS AUDIOVISUALES. I<\/strong><\/td>\n<td><strong>EXAMEN FINAL<\/strong><\/td>\n<td>2m\u00f3d<\/td>\n<\/tr>\n<tr>\n<td><strong>COMUNICACION<\/strong><\/td>\n<td><strong>PROMOCION DIRECTA-LIBRE<\/strong><\/td>\n<td>2m\u00f3d<\/td>\n<\/tr>\n<\/tbody>\n<\/table>\n<p>SEGUNDO A\u00d1O<\/p>\n<table>\n<tbody>\n<tr>\n<td><strong>ESPACIO CURRICULAR<\/strong><\/td>\n<td><strong>ACREDITACION<\/strong><\/td>\n<td><strong>OBSERVACIONES<\/strong><\/td>\n<\/tr>\n<tr>\n<td><strong>FOTOGRAFIA II<\/strong><\/td>\n<td><strong>EXAMEN FINAL<\/strong><\/td>\n<td>5m\u00f3d<\/td>\n<\/tr>\n<tr>\n<td><strong>TECNOLOGIA II<\/strong><\/td>\n<td><strong>EXAMEN FINAL<\/strong><\/td>\n<td>2m\u00f3d<\/td>\n<\/tr>\n<tr>\n<td><strong>FOTOGRAFIA DIGITAL II<\/strong><\/td>\n<td><strong>PROMOCION DIRECTA<\/strong><\/td>\n<td>2m\u00f3d<\/td>\n<\/tr>\n<tr>\n<td><strong>LUMINOTECNIA<\/strong><\/td>\n<td><strong>PROMOCION DIRECTA<\/strong><\/td>\n<td>2m\u00f3d<\/td>\n<\/tr>\n<tr>\n<td><strong>SEMIOLOGIA<\/strong><\/td>\n<td><strong>EXAMEN FINAL-LIBRE<\/strong><\/td>\n<td>2m\u00f3d<\/td>\n<\/tr>\n<tr>\n<td><strong>HISTORIA DE LA FOTOGRAFIA II<\/strong><\/td>\n<td><strong>EXAMEN FINAL-LIBRE<\/strong><\/td>\n<td>2m\u00f3d<\/td>\n<\/tr>\n<tr>\n<td><strong>MEDIOS AUDIOV.II<\/strong><\/td>\n<td><strong>EXAMEN FINAL<\/strong><\/td>\n<td>2m\u00f3d<\/td>\n<\/tr>\n<tr>\n<td><strong>ESP. INT. MARKETING<\/strong><\/td>\n<td><strong>EXAMEN FINAL<\/strong><\/td>\n<td>2m\u00f3d<\/td>\n<\/tr>\n<\/tbody>\n<\/table>\n<p><strong>TITULO: FOT\u00d3GRAFO<\/strong><\/p>\n<p><strong><u>ESTRUCTURA CURRICULAR<\/u><\/strong><\/p>\n<p><strong><u>FOT\u00d3GRAFO PROFESIONAL-RES. 13.253\/99<\/u><\/strong><\/p>\n<p>TERCER A\u00d1O<\/p>\n<table>\n<tbody>\n<tr>\n<td><strong>ESPACIO CURRICULAR<\/strong><\/td>\n<td><strong>ACREDITACION<\/strong><\/td>\n<td><strong>OBSERVACIONES<\/strong><\/td>\n<\/tr>\n<tr>\n<td><strong>FOTOGRAFIA III<\/strong><\/td>\n<td><strong>EXAMEN FINAL<\/strong><\/td>\n<td>5m\u00f3d<\/td>\n<\/tr>\n<tr>\n<td><strong>LABORATORIO COLOR<\/strong><\/td>\n<td><strong>EXAMEN FINAL<\/strong><\/td>\n<td>2m\u00f3d<\/td>\n<\/tr>\n<tr>\n<td><strong>TALLER PRE IMPRESION<\/strong><\/td>\n<td><strong>PROMOCION DIRECTA<\/strong><\/td>\n<td>1m\u00f3d<\/td>\n<\/tr>\n<tr>\n<td><strong>TALLER IMPRESION<\/strong><\/td>\n<td><strong>PROMOCION DIRECTA<\/strong><\/td>\n<td>1m\u00f3d<\/td>\n<\/tr>\n<tr>\n<td><strong>ILUMINACION APLICADA<\/strong><\/td>\n<td><strong>PROMOCION DIRECTA<\/strong><\/td>\n<td>2m\u00f3d<\/td>\n<\/tr>\n<tr>\n<td><strong>TALLER DE TEXTO<\/strong><\/td>\n<td><strong>PROMOCION DIRECTA-LIBRE<\/strong><\/td>\n<td>2m\u00f3d<\/td>\n<\/tr>\n<tr>\n<td><strong>HIST. DE LA FOTG. Y CULT III<\/strong><\/td>\n<td><strong>EXAMEN FINAL-LIBRE<\/strong><\/td>\n<td>1m\u00f3d<\/td>\n<\/tr>\n<tr>\n<td><strong>ETICA Y LEGISLC.<\/strong><\/td>\n<td><strong>PROMOCION DIRECTA-LIBRE<\/strong><\/td>\n<td>2m\u00f3d<\/td>\n<\/tr>\n<tr>\n<td><strong>DISE\u00d1O Y FOTOGRAFIA<\/strong><\/td>\n<td><strong>EXAMEN FINAL<\/strong><\/td>\n<td>2m\u00f3d<\/td>\n<\/tr>\n<tr>\n<td><strong>MEDIOS AUDIOVISUALES III<\/strong><\/td>\n<td><strong>EXAMEN FINAL<\/strong><\/td>\n<td>2m\u00f3d<\/td>\n<\/tr>\n<\/tbody>\n<\/table>\n<p>CUARTO A\u00d1O<\/p>\n<table>\n<tbody>\n<tr>\n<td><strong>ESPACIO CURRICULAR<\/strong><\/td>\n<td><strong>ACREDITACION<\/strong><\/td>\n<td><strong>OBSERVACIONES<\/strong><\/td>\n<\/tr>\n<tr>\n<td><strong>FOTOGRAFIA DE MEDIO Y GRAN FORMATO<\/strong><\/td>\n<td><strong>EXAMEN FINAL<\/strong><\/td>\n<td>3m\u00f3d<\/td>\n<\/tr>\n<tr>\n<td><strong>FOTOGRAFIA EN AREA PRENSA<\/strong><\/td>\n<td><strong>EXAMEN FINAL<\/strong><\/td>\n<td>2m\u00f3d<\/td>\n<\/tr>\n<tr>\n<td><strong>FOTOGRAFIA EN AREA CIENTIFICA<\/strong><\/td>\n<td><strong>EXAMEN FINAL<\/strong><\/td>\n<td>2m\u00f3d<\/td>\n<\/tr>\n<tr>\n<td><strong>PROYECTOS DE FOTOGRAFIA<\/strong><\/td>\n<td><strong>PROMOCION DIRECTA<\/strong><\/td>\n<td>2m\u00f3d<\/td>\n<\/tr>\n<tr>\n<td><strong>ARTE, CULTURA Y EST. DEL M. CONTEMP.<\/strong><\/td>\n<td><strong>EXAMEN FINAL-LIBRE<\/strong><\/td>\n<td>2m\u00f3d<\/td>\n<\/tr>\n<\/tbody>\n<\/table>\n<p><strong>TITULO: FOT\u00d3GRAFO PROFESIONAL<\/strong><\/p>\n<p><strong>CORRELATIVIDADES<\/strong><\/p>\n<p>Primer a\u00f1o<\/p>\n<table>\n<tbody>\n<tr>\n<td>MATERIA<\/td>\n<td>CORRELATIVIDADES<\/td>\n<\/tr>\n<tr>\n<td><strong>FOTOGRAFIA I<\/strong><\/td>\n<td><\/td>\n<\/tr>\n<tr>\n<td><strong>TECNOLOGIA I<\/strong><\/td>\n<td><\/td>\n<\/tr>\n<tr>\n<td><strong>FOTOGRAFIA DIGITAL I<\/strong><\/td>\n<td><\/td>\n<\/tr>\n<tr>\n<td><strong>LABORATORIO MONOCROMO<\/strong><\/td>\n<td><\/td>\n<\/tr>\n<tr>\n<td><strong>PERCEPCION VISUAL<\/strong><\/td>\n<td><\/td>\n<\/tr>\n<tr>\n<td><strong>HISTORIA DE LA FOTOGRAFIA I<\/strong><\/td>\n<td><\/td>\n<\/tr>\n<tr>\n<td><strong>MEDIOS AUDIOV. I<\/strong><\/td>\n<td><\/td>\n<\/tr>\n<tr>\n<td><strong>COMUNICACION<\/strong><\/td>\n<td><\/td>\n<\/tr>\n<tr>\n<td><strong>COMUNICACION<\/strong><\/td>\n<td><\/td>\n<\/tr>\n<\/tbody>\n<\/table>\n<p>Segundo a\u00f1o<\/p>\n<table>\n<tbody>\n<tr>\n<td>MATERIA<\/td>\n<td>CORRELATIVIDADES<\/td>\n<\/tr>\n<tr>\n<td><strong>FOTOGRAFIA II<\/strong><\/td>\n<td>FOTOGRAFIA I-TECNOLOGIA I- PERCEPCION VISUAL- COMUNICACION<\/td>\n<\/tr>\n<tr>\n<td><strong>TECNOLOGIA II<\/strong><\/td>\n<td>FOTOGRAFIA I- TECNOLOGIA I<\/td>\n<\/tr>\n<tr>\n<td><strong>FOTOGRAFIA DIGITAL II<\/strong><\/td>\n<td>FOTOGRAFIA DIGITAL I<\/td>\n<\/tr>\n<tr>\n<td><strong>LUMINOTECNIA<\/strong><\/td>\n<td>FOTOGRAFIA I-TECNOLOGIA I-MEDIOS AUDIOVISUALES II<\/td>\n<\/tr>\n<tr>\n<td><strong>SEMIOLOGIA<\/strong><\/td>\n<td>PERCEPCION VISUAL<\/td>\n<\/tr>\n<tr>\n<td><strong>HISTORIA DE LA FOTOGRAFIA II<\/strong><\/td>\n<td>HISTORIA DE LA FOTOGRAFIA I<\/td>\n<\/tr>\n<tr>\n<td><strong>MEDIOS AUDIOVISUALES II<\/strong><\/td>\n<td>MEDIOS AUDIOVISUALES.I- FOTOGRAFIA I- PERCEPCION VISUAL- COMUNICACION<\/td>\n<\/tr>\n<tr>\n<td><strong>ESP. INT. MARKETING<\/strong><\/td>\n<td>&#8212;&#8212;-.<\/td>\n<\/tr>\n<\/tbody>\n<\/table>\n<p>Tercer a\u00f1o<\/p>\n<table>\n<tbody>\n<tr>\n<td>MATERIA<\/td>\n<td>CORRELATIVIDADES<\/td>\n<\/tr>\n<tr>\n<td><strong>FOTOGRAFIA III<\/strong><\/td>\n<td>FOTOGRAFIA II-TECNOLOGIA II- FOTOGRAFIA DIGITAL I-MEDIOS AUDIOVISUALES I I-SEMIOLOGIA DE LA IMAGEN-LUMINOTECNIA-HISTORIA DE LA FOTOGRAF\u00cdA\u00a0 Y LA CULTURA I<\/td>\n<\/tr>\n<tr>\n<td><strong>LABORATORIO COLOR<\/strong><\/td>\n<td>FOTOGRAFIA II-TECNOLOGIA II-LABORATORIO MONOCROMO<\/td>\n<\/tr>\n<tr>\n<td><strong>TALLER PRE IMPRESION<\/strong><\/td>\n<td>\u00a01\u00ba A\u00d1OCOMPLETO CURSADO Y APROBADO-TECNOLOGIA II<\/td>\n<\/tr>\n<tr>\n<td><strong>TALLER IMPRESION<\/strong><\/td>\n<td>TALLER PRE IMPRESION<\/td>\n<\/tr>\n<tr>\n<td><strong>ILUMINACION APLICADA<\/strong><\/td>\n<td>FOTOGRAFIA II-TECNOLOGIA II- LUMINOTECNIA-MEDIOS AUDIOVISUALES\u00a0 II<\/td>\n<\/tr>\n<tr>\n<td><strong>TALLER DE TEXTO<\/strong><\/td>\n<td>&#8212;&#8212;-<\/td>\n<\/tr>\n<tr>\n<td><strong>HIST. DE LA FOTOG. Y CULT III<\/strong><\/td>\n<td>HIST. DE LA FOTG. Y CULT II<\/td>\n<\/tr>\n<tr>\n<td><strong>ETICA Y LEGISLACI\u00d3N<\/strong><\/td>\n<td>HIST. DE LA FOTG. Y CULT II-<\/td>\n<\/tr>\n<tr>\n<td><strong>DISE\u00d1O Y FOTOGRAFIA<\/strong><\/td>\n<td>MEDIOS AUDIOVISUALES II- FOTOGRAFIA II- TECNOLOGIA II- SEMIOLOGIA DE LA IMAGEN<\/td>\n<\/tr>\n<tr>\n<td><strong>MEDIOS AUDIOVISUALES III<\/strong><\/td>\n<td>MEDIOS AUDIOVISUALES II- FOTOGRAFIA II- TECNOLOGIA II- SEMIOLOGIA DE LA IMAGEN<\/td>\n<\/tr>\n<\/tbody>\n<\/table>\n<p>Cuarto\u00a0 a\u00f1o<\/p>\n<table>\n<tbody>\n<tr>\n<td>MATERIA<\/td>\n<td>CORRELATIVIDADES<\/td>\n<\/tr>\n<tr>\n<td><strong>FOTOGRAFIA DE MEDIO Y GRAN FORMATO<\/strong><\/td>\n<td>FOTOGRAFIA III<\/td>\n<\/tr>\n<tr>\n<td><strong>FOTOGRAFIA EN AREA PRENSA<\/strong><\/td>\n<td>FOTOGRAFIA III- ETICA Y LEGISLACI\u00d3N<\/td>\n<\/tr>\n<tr>\n<td><strong>FOTOGRAFIA EN AREA CIENTIFICA<\/strong><\/td>\n<td>FOTOGRAFIA III- ETICA Y LEGISLACI\u00d3N- MEDIOS AUDIOVISUALES III<\/td>\n<\/tr>\n<tr>\n<td><strong>PROYECTOS DE FOTOGRAFIA<\/strong><\/td>\n<td>FOTOGRAFIA III- DISE\u00d1O Y FOTOGRAFIA<\/td>\n<\/tr>\n<tr>\n<td><strong>ARTE,CULTURA Y EST\u00c9TICA DEL MUNDO CONTEMPOR\u00c1NEO<\/strong><\/td>\n<td>HIST. DE LA FOTOG. Y CULT III- DISE\u00d1O Y FOTOGRAFIA- MEDIOS AUDIOVISUALES III<\/td>\n<\/tr>\n<\/tbody>\n<\/table>\n<p><strong><u>\u00a0<\/u><\/strong><\/p>\n<p><strong><u>PERFIL PROFESIONAL<\/u><\/strong><\/p>\n<p>Estudiar Fotograf\u00eda significa desarrollar una actividad creativa y\u00a0 profesional que exige tanto de conocimientos t\u00e9cnicos y del dominio de la imagen como del desarrollo de la capacidad expresiva y comunicacional.<br \/>\nEl campo de la fotograf\u00eda, se ha ampliado de forma tal que no solamente brinda la posibilidad de capturar la realidad tal cual es, sino que el\/la fot\u00f3grafo\/a puede crear nuevas realidades, nuevos sue\u00f1os para crear personajes donde se conjugan el deseo, la seducci\u00f3n, la belleza y las marcas, en escenas donde el entorno, los accesorios y los objetos subrayan la est\u00e9tica de la imagen invitando al espectador al placer de la contemplaci\u00f3n.<br \/>\nEl\/la fot\u00f3grafo\/a profesional percibe las se\u00f1ales del medio y se compromete a dar una respuesta a trav\u00e9s de la fotograf\u00eda, este es su campo de acci\u00f3n y de sus intervenciones. A trav\u00e9s de este lenguaje art\u00edstico puede expresar la cultura de una \u00e9poca, el estilo y la posici\u00f3n del\/a fot\u00f3grafo\/a.<\/p>\n<p>El perfil del egresado se identifica con un\/a profesional con una s\u00f3lida formaci\u00f3n t\u00e9cnica\/art\u00edstica que cuenta con las herramientas necesarias para insertarse tanto en el \u00e1mbito profesional\/comercial como art\u00edstico.<\/p>\n<p><strong>ESTRUCTURA CURRICULAR<\/strong><\/p>\n<p><strong>TECNICATURA EN \u00a0FOTOGRAFIA &#8211; RESOL N\u00b013.253\/99<\/strong><\/p>\n<p>PRIMER\u00a0 A\u00d1O<\/p>\n<table border=\"1\" cellspacing=\"0\" cellpadding=\"0\">\n<tbody>\n<tr>\n<td valign=\"top\" width=\"192\"><strong>ESPACIO CURRICULAR<\/strong><\/td>\n<td valign=\"top\" width=\"192\"><strong>ACREDITACION<\/strong><\/td>\n<td valign=\"top\" width=\"192\"><strong>OBSERVACIONES<\/strong><\/td>\n<\/tr>\n<tr>\n<td valign=\"top\" width=\"192\"><strong>FOTOGRAFIA I<\/strong><\/td>\n<td valign=\"top\" width=\"192\"><strong>EXAMEN FINAL<\/strong><\/td>\n<td valign=\"top\" width=\"192\">5m\u00f3d<\/td>\n<\/tr>\n<tr>\n<td valign=\"top\" width=\"192\"><strong>TECNOLOGIA I<\/strong><\/td>\n<td valign=\"top\" width=\"192\"><strong>EXAMEN FINAL<\/strong><\/td>\n<td valign=\"top\" width=\"192\">2m\u00f3d<\/td>\n<\/tr>\n<tr>\n<td valign=\"top\" width=\"192\"><strong>FOTOGRAFIA DIGITAL I<\/strong><\/td>\n<td valign=\"top\" width=\"192\"><strong>PROMOCION DIRECTA<\/strong><\/td>\n<td valign=\"top\" width=\"192\">2m\u00f3d<\/td>\n<\/tr>\n<tr>\n<td valign=\"top\" width=\"192\"><strong>LABORATORIO MONOCROMO<\/strong><\/td>\n<td valign=\"top\" width=\"192\"><strong>PROMOCION DIRECTA<\/strong><\/td>\n<td valign=\"top\" width=\"192\">3m\u00f3d<\/td>\n<\/tr>\n<tr>\n<td valign=\"top\" width=\"192\"><strong>PERCEPCION VISUAL<\/strong><\/td>\n<td valign=\"top\" width=\"192\"><strong>EXAMEN FINAL<\/strong><\/td>\n<td valign=\"top\" width=\"192\">2m\u00f3d<\/td>\n<\/tr>\n<tr>\n<td valign=\"top\" width=\"192\"><strong>HISTORIA DE LA FOTOGRAFIA I<\/strong><\/td>\n<td valign=\"top\" width=\"192\"><strong>PROMOCION DIRECTA-LIBRE<\/strong><\/td>\n<td valign=\"top\" width=\"192\">2m\u00f3d<\/td>\n<\/tr>\n<tr>\n<td valign=\"top\" width=\"192\"><strong>MEDIOS AUDIOV. I<\/strong><\/td>\n<td valign=\"top\" width=\"192\"><strong>EXAMEN FINAL<\/strong><\/td>\n<td valign=\"top\" width=\"192\">2m\u00f3d<\/td>\n<\/tr>\n<tr>\n<td valign=\"top\" width=\"192\"><strong>COMUNICACION<\/strong><\/td>\n<td valign=\"top\" width=\"192\"><strong>PROMOCION DIRECTA-LIBRE<\/strong><\/td>\n<td valign=\"top\" width=\"192\">2m\u00f3d<\/td>\n<\/tr>\n<\/tbody>\n<\/table>\n<p><strong>\u00a0<\/strong><\/p>\n<p><strong>SEGUNDO A\u00d1O<\/strong><\/p>\n<table border=\"1\" cellspacing=\"0\" cellpadding=\"0\">\n<tbody>\n<tr>\n<td valign=\"top\" width=\"192\"><strong>ESPACIO CURRICULAR<\/strong><\/td>\n<td valign=\"top\" width=\"192\"><strong>ACREDITACION<\/strong><\/td>\n<td valign=\"top\" width=\"192\"><strong>OBSERVACIONES<\/strong><\/td>\n<\/tr>\n<tr>\n<td valign=\"top\" width=\"192\"><strong>FOTOGRAFIA II<\/strong><\/td>\n<td valign=\"top\" width=\"192\"><strong>EXAMEN FINAL<\/strong><\/td>\n<td valign=\"top\" width=\"192\">5m\u00f3d<\/td>\n<\/tr>\n<tr>\n<td valign=\"top\" width=\"192\"><strong>TECNOLOGIA II<\/strong><\/td>\n<td valign=\"top\" width=\"192\"><strong>EXAMEN FINAL<\/strong><\/td>\n<td valign=\"top\" width=\"192\">2m\u00f3d<\/td>\n<\/tr>\n<tr>\n<td valign=\"top\" width=\"192\"><strong>FOTOGRAFIA DIGITAL II<\/strong><\/td>\n<td valign=\"top\" width=\"192\"><strong>PROMOCION DIRECTA<\/strong><\/td>\n<td valign=\"top\" width=\"192\">2m\u00f3d<\/td>\n<\/tr>\n<tr>\n<td valign=\"top\" width=\"192\"><strong>LUMINOTECNIA<\/strong><\/td>\n<td valign=\"top\" width=\"192\"><strong>PROMOCION DIRECTA<\/strong><\/td>\n<td valign=\"top\" width=\"192\">2m\u00f3d<\/td>\n<\/tr>\n<tr>\n<td valign=\"top\" width=\"192\"><strong>SEMIOLOGIA<\/strong><\/td>\n<td valign=\"top\" width=\"192\"><strong>EXAMEN FINAL-LIBRE<\/strong><\/td>\n<td valign=\"top\" width=\"192\">2m\u00f3d<\/td>\n<\/tr>\n<tr>\n<td valign=\"top\" width=\"192\"><strong>HISTORIA DE LA FOTOGRAFIA II<\/strong><\/td>\n<td valign=\"top\" width=\"192\"><strong>EXAMEN FINAL-LIBRE<\/strong><\/td>\n<td valign=\"top\" width=\"192\">2m\u00f3d<\/td>\n<\/tr>\n<tr>\n<td valign=\"top\" width=\"192\"><strong>MEDIOS AUDIOV.II<\/strong><\/td>\n<td valign=\"top\" width=\"192\"><strong>EXAMEN FINAL<\/strong><\/td>\n<td valign=\"top\" width=\"192\">2m\u00f3d<\/td>\n<\/tr>\n<tr>\n<td valign=\"top\" width=\"192\"><strong>ESP. INT. MARKETING<\/strong><\/td>\n<td valign=\"top\" width=\"192\"><strong>EXAMEN FINAL<\/strong><\/td>\n<td valign=\"top\" width=\"192\">2m\u00f3d<\/td>\n<\/tr>\n<\/tbody>\n<\/table>\n<p><strong>TITULO: FOT\u00d3GRAFO<\/strong><\/p>\n<p><strong>4.1.14.-ESTRUCTURA CURRICULAR<\/strong><\/p>\n<p><strong>FOT\u00d3GRAFO PROFESIONAL-RES. 13.253\/99<\/strong><\/p>\n<p><strong>TERCER A\u00d1O\u00a0\u00a0<\/strong>(tener cursado y aprobado 2\u00ba a\u00f1o)<\/p>\n<table border=\"1\" cellspacing=\"0\" cellpadding=\"0\">\n<tbody>\n<tr>\n<td valign=\"top\" width=\"192\"><strong>ESPACIO CURRICULAR<\/strong><\/td>\n<td valign=\"top\" width=\"192\"><strong>ACREDITACION<\/strong><\/td>\n<td valign=\"top\" width=\"192\"><strong>OBSERVACIONES<\/strong><\/td>\n<\/tr>\n<tr>\n<td valign=\"top\" width=\"192\"><strong>FOTOGRAFIA III<\/strong><\/td>\n<td valign=\"top\" width=\"192\"><strong>EXAMEN FINAL<\/strong><\/td>\n<td valign=\"top\" width=\"192\">5m\u00f3d<\/td>\n<\/tr>\n<tr>\n<td valign=\"top\" width=\"192\"><strong>LABORATORIO COLOR<\/strong><\/td>\n<td valign=\"top\" width=\"192\"><strong>EXAMEN FINAL<\/strong><\/td>\n<td valign=\"top\" width=\"192\">2m\u00f3d<\/td>\n<\/tr>\n<tr>\n<td valign=\"top\" width=\"192\"><strong>TALLER PRE IMPRESION<\/strong><\/td>\n<td valign=\"top\" width=\"192\"><strong>PROMOCION DIRECTA<\/strong><\/td>\n<td valign=\"top\" width=\"192\">1m\u00f3d<\/td>\n<\/tr>\n<tr>\n<td valign=\"top\" width=\"192\"><strong>TALLER IMPRESION<\/strong><\/td>\n<td valign=\"top\" width=\"192\"><strong>PROMOCION DIRECTA<\/strong><\/td>\n<td valign=\"top\" width=\"192\">1m\u00f3d<\/td>\n<\/tr>\n<tr>\n<td valign=\"top\" width=\"192\"><strong>ILUMINACION APLICADA<\/strong><\/td>\n<td valign=\"top\" width=\"192\"><strong>PROMOCION DIRECTA<\/strong><\/td>\n<td valign=\"top\" width=\"192\">2m\u00f3d<\/td>\n<\/tr>\n<tr>\n<td valign=\"top\" width=\"192\"><strong>TALLER DE TEXTO<\/strong><\/td>\n<td valign=\"top\" width=\"192\"><strong>PROMOCION DIRECTA-LIBRE<\/strong><\/td>\n<td valign=\"top\" width=\"192\">2m\u00f3d<\/td>\n<\/tr>\n<tr>\n<td valign=\"top\" width=\"192\"><strong>HIST. DE LA FOTG. Y CULT III<\/strong><\/td>\n<td valign=\"top\" width=\"192\"><strong>EXAMEN FINAL-LIBRE<\/strong><\/td>\n<td valign=\"top\" width=\"192\">1m\u00f3d<\/td>\n<\/tr>\n<tr>\n<td valign=\"top\" width=\"192\"><strong>ETICA Y LEGISLC.<\/strong><\/td>\n<td valign=\"top\" width=\"192\"><strong>PROMOCION DIRECTA-LIBRE<\/strong><\/td>\n<td valign=\"top\" width=\"192\">2m\u00f3d<\/td>\n<\/tr>\n<tr>\n<td valign=\"top\" width=\"192\"><strong>DISE\u00d1O Y FOTOGRAFIA<\/strong><\/td>\n<td valign=\"top\" width=\"192\"><strong>EXAMEN FINAL<\/strong><\/td>\n<td valign=\"top\" width=\"192\">2m\u00f3d<\/td>\n<\/tr>\n<tr>\n<td valign=\"top\" width=\"192\"><strong>MEDIOS AUDIOVISUALES III<\/strong><\/td>\n<td valign=\"top\" width=\"192\"><strong>EXAMEN FINAL<\/strong><\/td>\n<td valign=\"top\" width=\"192\">2m\u00f3d<\/td>\n<\/tr>\n<\/tbody>\n<\/table>\n<p>CUARTO A\u00d1O<\/p>\n<table border=\"1\" cellspacing=\"0\" cellpadding=\"0\">\n<tbody>\n<tr>\n<td valign=\"top\" width=\"192\"><strong>ESPACIO CURRICULAR<\/strong><\/td>\n<td valign=\"top\" width=\"192\"><strong>ACREDITACION<\/strong><\/td>\n<td valign=\"top\" width=\"192\"><strong>OBSERVACIONES<\/strong><\/td>\n<\/tr>\n<tr>\n<td valign=\"top\" width=\"192\"><strong>FOTOGRAFIA DE MEDIO Y GRAN FORMATO<\/strong><\/td>\n<td valign=\"top\" width=\"192\"><strong>EXAMEN FINAL<\/strong><\/td>\n<td valign=\"top\" width=\"192\">3m\u00f3d<\/td>\n<\/tr>\n<tr>\n<td valign=\"top\" width=\"192\"><strong>FOTOGRAFIA EN AREA PRENSA<\/strong><\/td>\n<td valign=\"top\" width=\"192\"><strong>EXAMEN FINAL<\/strong><\/td>\n<td valign=\"top\" width=\"192\">2m\u00f3d<\/td>\n<\/tr>\n<tr>\n<td valign=\"top\" width=\"192\"><strong>FOTOGRAFIA EN AREA CIENTIFICA<\/strong><\/td>\n<td valign=\"top\" width=\"192\"><strong>EXAMEN FINAL<\/strong><\/td>\n<td valign=\"top\" width=\"192\">2m\u00f3d<\/td>\n<\/tr>\n<tr>\n<td valign=\"top\" width=\"192\"><strong>PROYECTOS DE FOTOGRAFIA<\/strong><\/td>\n<td valign=\"top\" width=\"192\"><strong>EXAMEN FINAL<\/strong><\/td>\n<td valign=\"top\" width=\"192\">2m\u00f3d<\/td>\n<\/tr>\n<tr>\n<td valign=\"top\" width=\"192\"><strong>ARTE, CULTURA Y EST. DEL M. CONTEMP.<\/strong><\/td>\n<td valign=\"top\" width=\"192\"><strong>EXAMEN FINAL-LIBRE<\/strong><\/td>\n<td valign=\"top\" width=\"192\">2m\u00f3d<\/td>\n<\/tr>\n<\/tbody>\n<\/table>\n<p><strong>\u00a0<\/strong><\/p>\n<p><strong>TITULO: FOT\u00d3GRAFO PROFESIONAL<\/strong><\/p>\n<p><strong>4.1.16.-CORRELATIVIDADES<\/strong><\/p>\n<p>Primer a\u00f1o<\/p>\n<table border=\"1\" cellspacing=\"0\" cellpadding=\"0\">\n<tbody>\n<tr>\n<td valign=\"top\" width=\"299\">MATERIA<\/td>\n<td valign=\"top\" width=\"299\">CORRELATIVIDADES<\/td>\n<\/tr>\n<tr>\n<td valign=\"top\" width=\"299\"><strong>FOTOGRAFIA I<\/strong><\/td>\n<td valign=\"top\" width=\"299\"><\/td>\n<\/tr>\n<tr>\n<td valign=\"top\" width=\"299\"><strong>TECNOLOGIA I<\/strong><\/td>\n<td valign=\"top\" width=\"299\"><\/td>\n<\/tr>\n<tr>\n<td valign=\"top\" width=\"299\"><strong>FOTOGRAFIA DIGITAL I<\/strong><\/td>\n<td valign=\"top\" width=\"299\"><\/td>\n<\/tr>\n<tr>\n<td valign=\"top\" width=\"299\"><strong>LABORATORIO MONOCROMO<\/strong><\/td>\n<td valign=\"top\" width=\"299\"><\/td>\n<\/tr>\n<tr>\n<td valign=\"top\" width=\"299\"><strong>PERCEPCION VISUAL<\/strong><\/td>\n<td valign=\"top\" width=\"299\"><\/td>\n<\/tr>\n<tr>\n<td valign=\"top\" width=\"299\"><strong>HISTORIA DE LA FOTOGRAFIA I<\/strong><\/td>\n<td valign=\"top\" width=\"299\"><\/td>\n<\/tr>\n<tr>\n<td valign=\"top\" width=\"299\"><strong>MEDIOS AUDIOV. I<\/strong><\/td>\n<td valign=\"top\" width=\"299\"><\/td>\n<\/tr>\n<tr>\n<td valign=\"top\" width=\"299\"><strong>COMUNICACION<\/strong><\/td>\n<td valign=\"top\" width=\"299\"><\/td>\n<\/tr>\n<tr>\n<td valign=\"top\" width=\"299\"><strong>COMUNICACION<\/strong><\/td>\n<td valign=\"top\" width=\"299\"><\/td>\n<\/tr>\n<\/tbody>\n<\/table>\n<p>Segundo a\u00f1o<\/p>\n<table border=\"1\" cellspacing=\"0\" cellpadding=\"0\">\n<tbody>\n<tr>\n<td valign=\"top\" width=\"291\">MATERIA<\/td>\n<td valign=\"top\" width=\"308\">CORRELATIVIDADES<\/td>\n<\/tr>\n<tr>\n<td valign=\"top\" width=\"291\"><strong>FOTOGRAFIA II<\/strong><\/td>\n<td valign=\"top\" width=\"308\">FOTOGRAFIA I-TECNOLOGIA I- PERCEPCION VISUAL- COMUNICACION<\/td>\n<\/tr>\n<tr>\n<td valign=\"top\" width=\"291\"><strong>TECNOLOGIA II<\/strong><\/td>\n<td valign=\"top\" width=\"308\">FOTOGRAFIA I- TECNOLOGIA I<\/td>\n<\/tr>\n<tr>\n<td valign=\"top\" width=\"291\"><strong>FOTOGRAFIA DIGITAL II<\/strong><\/td>\n<td valign=\"top\" width=\"308\">FOTOGRAFIA DIGITAL I<\/td>\n<\/tr>\n<tr>\n<td valign=\"top\" width=\"291\"><strong>LUMINOTECNIA<\/strong><\/td>\n<td valign=\"top\" width=\"308\">FOTOGRAFIA I-TECNOLOGIA I-MAV I<\/td>\n<\/tr>\n<tr>\n<td valign=\"top\" width=\"291\"><strong>SEMIOLOGIA<\/strong><\/td>\n<td valign=\"top\" width=\"308\">PERCEPCION VISUAL<\/td>\n<\/tr>\n<tr>\n<td valign=\"top\" width=\"291\"><strong>HISTORIA DE LA FOTOGRAFIA II<\/strong><\/td>\n<td valign=\"top\" width=\"308\">HISTORIA DE LA FOTOGRAFIA I<\/td>\n<\/tr>\n<tr>\n<td valign=\"top\" width=\"291\"><strong>MEDIOS AUDIOV.II<\/strong><\/td>\n<td valign=\"top\" width=\"308\">MEDIOS AUDIOV.I- FOTOGRAFIA I- PERCEPCION VISUAL- COMUNICACION<\/td>\n<\/tr>\n<tr>\n<td valign=\"top\" width=\"291\"><strong>ESP. INT. MARKETING<\/strong><\/td>\n<td valign=\"top\" width=\"308\">&#8212;&#8212;-.<\/td>\n<\/tr>\n<\/tbody>\n<\/table>\n<p>Tercer a\u00f1o(tener cursado y aprobado 2\u00ba a\u00f1o)<\/p>\n<table border=\"1\" cellspacing=\"0\" cellpadding=\"0\">\n<tbody>\n<tr>\n<td valign=\"top\" width=\"299\">MATERIA<\/td>\n<td valign=\"top\" width=\"299\">CORRELATIVIDADES<\/td>\n<\/tr>\n<tr>\n<td valign=\"top\" width=\"299\"><strong>FOTOGRAFIA III<\/strong><\/td>\n<td valign=\"top\" width=\"299\">FOTOGRAFIA II-TECNOLOGIA II- FOTOGRAFIA DIGITAL I-MAV I-SEMIOLOGIA DE LA IMAGEN-LUMINOTECNIA-HISTORIA DE LA FOTOGRAF\u00cdA\u00a0 Y LA CULTURA I<\/td>\n<\/tr>\n<tr>\n<td valign=\"top\" width=\"299\"><strong>LABORATORIO COLOR<\/strong><\/td>\n<td valign=\"top\" width=\"299\">FOTOGRAFIA II-TECNOLOGIA II-LABORATORIO MONOCROMO<\/td>\n<\/tr>\n<tr>\n<td valign=\"top\" width=\"299\"><strong>TALLER PRE IMPRESION<\/strong><\/td>\n<td valign=\"top\" width=\"299\">\u00a01\u00ba A\u00d1OCOMPLETO CURSADO Y APROBADO-TECNOLOGIA II<\/td>\n<\/tr>\n<tr>\n<td valign=\"top\" width=\"299\"><strong>TALLER IMPRESION<\/strong><\/td>\n<td valign=\"top\" width=\"299\">TALLER PRE IMPRESION<\/td>\n<\/tr>\n<tr>\n<td valign=\"top\" width=\"299\"><strong>ILUMINACION APLICADA<\/strong><\/td>\n<td valign=\"top\" width=\"299\">FOTOGRAFIA II-TECNOLOGIA II- LUMINOTECNIA-MAV II<\/td>\n<\/tr>\n<tr>\n<td valign=\"top\" width=\"299\"><strong>TALLER DE TEXTO<\/strong><\/td>\n<td valign=\"top\" width=\"299\">&#8212;&#8212;-<\/td>\n<\/tr>\n<tr>\n<td valign=\"top\" width=\"299\"><strong>HIST. DE LA FOTOG. Y CULT III<\/strong><\/td>\n<td valign=\"top\" width=\"299\">HIST. DE LA FOTG. Y CULT II<\/td>\n<\/tr>\n<tr>\n<td valign=\"top\" width=\"299\"><strong>ETICA Y LEGISLACI\u00d3N<\/strong><\/td>\n<td valign=\"top\" width=\"299\">HIST. DE LA FOTG. Y CULT II-<\/td>\n<\/tr>\n<tr>\n<td valign=\"top\" width=\"299\"><strong>DISE\u00d1O Y FOTOGRAFIA<\/strong><\/td>\n<td valign=\"top\" width=\"299\">MEDIOS AUDIOVISUALES II- FOTOGRAFIA II- TECNOLOGIA II- SEMIOLOGIA DE LA IMAGEN<\/td>\n<\/tr>\n<tr>\n<td valign=\"top\" width=\"299\"><strong>MEDIOS AUDIOVISUALES III<\/strong><\/td>\n<td valign=\"top\" width=\"299\">MEDIOS AUDIOVISUALES II- FOTOGRAFIA II- TECNOLOGIA II- SEMIOLOGIA DE LA IMAGEN<\/td>\n<\/tr>\n<\/tbody>\n<\/table>\n<p>Cuarto\u00a0 a\u00f1o<\/p>\n<table border=\"1\" cellspacing=\"0\" cellpadding=\"0\">\n<tbody>\n<tr>\n<td valign=\"top\" width=\"299\">MATERIA<\/td>\n<td valign=\"top\" width=\"299\">CORRELATIVIDADES<\/td>\n<\/tr>\n<tr>\n<td valign=\"top\" width=\"299\"><strong>FOTOGRAFIA DE MEDIO Y GRAN FORMATO<\/strong><\/td>\n<td valign=\"top\" width=\"299\">FOTOGRAFIA III<\/td>\n<\/tr>\n<tr>\n<td valign=\"top\" width=\"299\"><strong>FOTOGRAFIA EN AREA PRENSA<\/strong><\/td>\n<td valign=\"top\" width=\"299\">FOTOGRAFIA III- ETICA Y LEGISLACI\u00d3N<\/td>\n<\/tr>\n<tr>\n<td valign=\"top\" width=\"299\"><strong>FOTOGRAFIA EN AREA CIENTIFICA<\/strong><\/td>\n<td valign=\"top\" width=\"299\">FOTOGRAFIA III- ETICA Y LEGISLACI\u00d3N- MEDIOS AUDIOVISUALES III<\/td>\n<\/tr>\n<tr>\n<td valign=\"top\" width=\"299\"><strong>PROYECTOS DE FOTOGRAFIA<\/strong><\/td>\n<td valign=\"top\" width=\"299\">FOTOGRAFIA III- DISE\u00d1O Y FOTOGRAFIA<\/td>\n<\/tr>\n<tr>\n<td valign=\"top\" width=\"299\"><strong>ARTE,CULTURA Y EST\u00c9TICA DEL MUNDO CONTEMPOR\u00c1NEO<\/strong><\/td>\n<td valign=\"top\" width=\"299\">HIST. DE LA FOTOG. Y CULT III- DISE\u00d1O Y FOTOGRAFIA- AUDIOVISUALES III<\/td>\n<\/tr>\n<\/tbody>\n<\/table>\n","protected":false},"excerpt":{"rendered":"<p>ESTRUCTURA CURRICULAR INGRESO: DIRECTO (\u00danico requisito de ingreso contar con nivel secundario completo) TECNICATURA EN\u00a0 FOTOGRAFIA &#8211; RESOL N\u00b013.253\/99 PRIMER\u00a0 A\u00d1O ESPACIO CURRICULAR ACREDITACION OBSERVACIONES FOTOGRAFIA I EXAMEN FINAL 5m\u00f3d TECNOLOGIA I EXAMEN FINAL 2m\u00f3d FOTOGRAFIA DIGITAL I PROMOCION DIRECTA 2m\u00f3d LABORATORIO MONOCROMO PROMOCION DIRECTA 3m\u00f3d PERCEPCION VISUAL EXAMEN FINAL 2m\u00f3d HISTORIA DE LA FOTOGRAFIA &#8230; <a title=\"Estructura Curricular\" class=\"read-more\" href=\"https:\/\/ipat-bue.infd.edu.ar\/sitio\/estructura-curricular\/\" aria-label=\"More on Estructura Curricular\">[+]<\/a><\/p>\n","protected":false},"author":36,"featured_media":0,"parent":0,"menu_order":0,"comment_status":"closed","ping_status":"closed","template":"","meta":[],"acf":[],"_links":{"self":[{"href":"https:\/\/ipat-bue.infd.edu.ar\/sitio\/wp-json\/wp\/v2\/pages\/1469"}],"collection":[{"href":"https:\/\/ipat-bue.infd.edu.ar\/sitio\/wp-json\/wp\/v2\/pages"}],"about":[{"href":"https:\/\/ipat-bue.infd.edu.ar\/sitio\/wp-json\/wp\/v2\/types\/page"}],"author":[{"embeddable":true,"href":"https:\/\/ipat-bue.infd.edu.ar\/sitio\/wp-json\/wp\/v2\/users\/36"}],"replies":[{"embeddable":true,"href":"https:\/\/ipat-bue.infd.edu.ar\/sitio\/wp-json\/wp\/v2\/comments?post=1469"}],"version-history":[{"count":4,"href":"https:\/\/ipat-bue.infd.edu.ar\/sitio\/wp-json\/wp\/v2\/pages\/1469\/revisions"}],"predecessor-version":[{"id":1770,"href":"https:\/\/ipat-bue.infd.edu.ar\/sitio\/wp-json\/wp\/v2\/pages\/1469\/revisions\/1770"}],"wp:attachment":[{"href":"https:\/\/ipat-bue.infd.edu.ar\/sitio\/wp-json\/wp\/v2\/media?parent=1469"}],"curies":[{"name":"wp","href":"https:\/\/api.w.org\/{rel}","templated":true}]}}