{"id":1514,"date":"2018-07-02T20:00:15","date_gmt":"2018-07-02T23:00:15","guid":{"rendered":"https:\/\/ipat-bue.infd.edu.ar\/sitio\/estructura-curricular-profesorado-en-diseno-grafico\/"},"modified":"2023-09-05T12:00:19","modified_gmt":"2023-09-05T15:00:19","slug":"estructura-curricular-profesorado-en-diseno-grafico","status":"publish","type":"page","link":"https:\/\/ipat-bue.infd.edu.ar\/sitio\/estructura-curricular-profesorado-en-diseno-grafico\/","title":{"rendered":"Estructura curricular Profesorado en Dise\u00f1o Gr\u00e1fico"},"content":{"rendered":"<ul>\n<li><strong>\u00a0<\/strong><strong>TITULO<\/strong><\/li>\n<\/ul>\n<p><strong>PROFESORADO EN ARTES VISUALES CON ORIENTACI\u00d3N EN DISE\u00d1O GR\u00c1FICO<\/strong><\/p>\n<p><b>\u00a0<\/b><u style=\"font-weight: bold;\">INGRESO<\/u><b>: \u00danico requisito, titulo secundario.<\/b><\/p>\n<p><span style=\"color: #008080;\"><strong>Primer a\u00f1o<\/strong><\/span><\/p>\n<p>TIPOGRAFIA I<\/p>\n<p>GRAFICA ASISTIDA POR PC I<\/p>\n<p>ESPACIO PRACT. DOC.I<\/p>\n<p>TALLER DISE\u00d1O I<\/p>\n<p>PERCEPCION VISUAL<\/p>\n<p>HISTORIA DEL A. Y DISE\u00d1O<\/p>\n<p>TALLER DE TEXTO<\/p>\n<p>FUND. DE LA EDUC\/PERSPECTIVA FILPEDAG.I<\/p>\n<p>HISTORIA SOC. GRAL. I\/PERS. SOCIOPOL\u00ccTICA<\/p>\n<p>PSICOL. DE LA EDUC\/PSICOL. Y CULT. EN EDUC.I<\/p>\n<p>PERSPECTIVA PEDAGOGICO DIDACTICA I<\/p>\n<p>ESPACIO PRACT. DOC.I<\/p>\n<p><span style=\"color: #008080;\"><strong>Segundo a\u00f1o<\/strong><\/span><\/p>\n<p>TIPOGRAFIA II<\/p>\n<p>GRAFICA ASISTIDA POR PC II<\/p>\n<p>ESPACIO PRACT. DOC.II<\/p>\n<p>TALLER DISE\u00d1O II<\/p>\n<p>TECNOLOGIA I<\/p>\n<p>HISTORIA DEL A. Y DISE\u00d1OII<\/p>\n<p>SEMIOLOGIA DE LA IMAGEN<\/p>\n<p>DIDACT.GENERAL<\/p>\n<p>HIST. SOCIOPOL\u00cdTICA<\/p>\n<p>PSIC. DE LA EDUC. II<\/p>\n<p><strong>\u00a0<\/strong><\/p>\n<p><span style=\"color: #008080;\"><strong>Tercer a\u00f1o<\/strong><\/span><\/p>\n<p>TALLER MULTIMEDIA<\/p>\n<p>FOTOGRAFIA<\/p>\n<p>TECNOLOGIA II<\/p>\n<p>TALLER DISE\u00d1O II Y PROY DE ANAL.<\/p>\n<p>SOCIOLOGIA DE LA COMUNIC.<\/p>\n<p>ETICA Y LEGISLAC.<\/p>\n<p>ESPACIO PRACT III<\/p>\n<p>POLIT. EDUCATIVA<\/p>\n<p>PERS.FILOSOFICO-PEDAG.DIDACT<\/p>\n<p><span style=\"color: #008080;\"><strong>Cuarto a\u00f1o<\/strong><\/span><\/p>\n<p>DISE\u00d1O INSTITUCIONAL<\/p>\n<p>DISE\u00d1O DE MEDIOS<\/p>\n<p>DISE\u00d1O DE LA INFORMACION<\/p>\n<p>ARTE, CULT. Y EST. M. CONT.<\/p>\n<p>ESP. MARKETING<\/p>\n<p>ESP. IMAGEN Y SONIDO<\/p>\n<p>ESPACIO PRACT. DOCENT IV<\/p>\n","protected":false},"excerpt":{"rendered":"<p>\u00a0TITULO PROFESORADO EN ARTES VISUALES CON ORIENTACI\u00d3N EN DISE\u00d1O GR\u00c1FICO \u00a0INGRESO: \u00danico requisito, titulo secundario. Primer a\u00f1o TIPOGRAFIA I GRAFICA ASISTIDA POR PC I ESPACIO PRACT. DOC.I TALLER DISE\u00d1O I PERCEPCION VISUAL HISTORIA DEL A. Y DISE\u00d1O TALLER DE TEXTO FUND. DE LA EDUC\/PERSPECTIVA FILPEDAG.I HISTORIA SOC. GRAL. I\/PERS. SOCIOPOL\u00ccTICA PSICOL. DE LA EDUC\/PSICOL. Y &#8230; <a title=\"Estructura curricular Profesorado en Dise\u00f1o Gr\u00e1fico\" class=\"read-more\" href=\"https:\/\/ipat-bue.infd.edu.ar\/sitio\/estructura-curricular-profesorado-en-diseno-grafico\/\" aria-label=\"More on Estructura curricular Profesorado en Dise\u00f1o Gr\u00e1fico\">[+]<\/a><\/p>\n","protected":false},"author":36,"featured_media":0,"parent":0,"menu_order":0,"comment_status":"closed","ping_status":"closed","template":"","meta":[],"acf":[],"_links":{"self":[{"href":"https:\/\/ipat-bue.infd.edu.ar\/sitio\/wp-json\/wp\/v2\/pages\/1514"}],"collection":[{"href":"https:\/\/ipat-bue.infd.edu.ar\/sitio\/wp-json\/wp\/v2\/pages"}],"about":[{"href":"https:\/\/ipat-bue.infd.edu.ar\/sitio\/wp-json\/wp\/v2\/types\/page"}],"author":[{"embeddable":true,"href":"https:\/\/ipat-bue.infd.edu.ar\/sitio\/wp-json\/wp\/v2\/users\/36"}],"replies":[{"embeddable":true,"href":"https:\/\/ipat-bue.infd.edu.ar\/sitio\/wp-json\/wp\/v2\/comments?post=1514"}],"version-history":[{"count":3,"href":"https:\/\/ipat-bue.infd.edu.ar\/sitio\/wp-json\/wp\/v2\/pages\/1514\/revisions"}],"predecessor-version":[{"id":1778,"href":"https:\/\/ipat-bue.infd.edu.ar\/sitio\/wp-json\/wp\/v2\/pages\/1514\/revisions\/1778"}],"wp:attachment":[{"href":"https:\/\/ipat-bue.infd.edu.ar\/sitio\/wp-json\/wp\/v2\/media?parent=1514"}],"curies":[{"name":"wp","href":"https:\/\/api.w.org\/{rel}","templated":true}]}}